{"id":2007,"date":"2022-05-23T12:44:10","date_gmt":"2022-05-23T15:44:10","guid":{"rendered":"https:\/\/cienciasdoestado.direito.ufmg.br\/?page_id=2007"},"modified":"2024-03-11T11:16:54","modified_gmt":"2024-03-11T14:16:54","slug":"dip-ementas-das-disciplinas-optativas","status":"publish","type":"page","link":"https:\/\/cienciasdoestado.direito.ufmg.br\/?page_id=2007","title":{"rendered":"DIP \u2013 Ementas das Disciplinas Optativas"},"content":{"rendered":"<table style=\"border-collapse: collapse; width: 100%;\">\n<tbody>\n<tr>\n<td style=\"width: 100%;\"><strong> 2016\/1<\/strong><\/td>\n<\/tr>\n<tr>\n<td style=\"width: 100%;\"><a href=\"https:\/\/cienciasdoestado.direito.ufmg.br\/wp-content\/uploads\/2024\/03\/EMENTA_TOPICOS-EM-DIREITO-E-ORCAMENTO-PUBLICO_Liberalismo-e-Economia.pdf\" target=\"_blank\" rel=\"noopener\">T\u00d3PICOS EM DIREITO E OR\u00c7AMENTO P\u00daBLICO: Liberalismo e Economia<\/a><\/td>\n<\/tr>\n<tr>\n<td style=\"width: 100%;\"><a href=\"https:\/\/cienciasdoestado.direito.ufmg.br\/wp-content\/uploads\/2024\/03\/PEC-241_Um-olhar-sobre-as-Financas-Publicas.pdf\" target=\"_blank\" rel=\"noopener\">T\u00d3PICOS EM DIREITO E OR\u00c7AMENTO P\u00daBLICO:PEC 241: Um olhar sobre as Finan\u00e7as P\u00fablicas<\/a><\/td>\n<\/tr>\n<\/tbody>\n<\/table>\n<table style=\"border-collapse: collapse; width: 100%;\">\n<tbody>\n<tr>\n<td style=\"width: 100%;\"><strong> 2021\/1<\/strong><\/td>\n<\/tr>\n<tr>\n<td style=\"width: 100%;\"><a href=\"https:\/\/cienciasdoestado.direito.ufmg.br\/wp-content\/uploads\/2020\/02\/Optativa-Marcella-Furtado-de-Magalh\u00e3es-Gomes-T\u00f3picos-em-Filosofia-do-Direito-C-Direitos-Humanos.pdf\">DIP225-T\u00f3picos em Filosofia do Direito C: Direitos Humanos<\/a><\/td>\n<\/tr>\n<\/tbody>\n<\/table>\n<table style=\"border-collapse: collapse; width: 100%; height: 97px;\">\n<tbody>\n<tr style=\"height: 49px;\">\n<td style=\"width: 100%; height: 49px;\"><a href=\"https:\/\/cienciasdoestado.direito.ufmg.br\/wp-content\/uploads\/2022\/03\/DIP226-TOP-EM-HIST-POLITICA-E-CONST-DO-BRASILConstitucionalismo-Estadual-Brasileiro-do-Fato-Politico-a-Norma-Constituciona.pdf\">DIP226-T\u00d3PICOS EM HIST\u00d3RIA POLITICA E CONSTITUCIONAL DO BRASIL<span class=\"fontstyle0\">: <\/span><span class=\"fontstyle0\">Constitucionalismo Estadual Brasileiro &#8211; do Fato Pol\u00edtico \u00e0 Norma Constitucional<\/span><\/a><\/td>\n<\/tr>\n<tr style=\"height: 24px;\">\n<td style=\"width: 100%; height: 24px;\"><a href=\"https:\/\/cienciasdoestado.direito.ufmg.br\/wp-content\/uploads\/2020\/02\/DIR098-Mitologias.pdf\">DIR098 -T\u00f3picos em Estudos Estrat\u00e9gicos: Mitologias nacionais do povo brasileiro\u00a0<\/a><\/td>\n<\/tr>\n<tr>\n<td style=\"width: 100%;\"><a href=\"https:\/\/cienciasdoestado.direito.ufmg.br\/wp-content\/uploads\/2021\/09\/DIR098-Henry-Kissinger-e-o-Oriente-Medio.pdf\"> DIR098<\/a><a href=\"https:\/\/cienciasdoestado.direito.ufmg.br\/wp-content\/uploads\/2021\/09\/DIR098-Henry-Kissinger-e-o-Oriente-Medio.pdf\"> -T\u00f3picos em Estudos Estrat\u00e9gicos: Henry Kissinger e o Oriente M\u00e9dio-<\/a><\/td>\n<\/tr>\n<tr style=\"height: 24px;\">\n<td style=\"width: 100%; height: 24px;\"><a href=\"https:\/\/cienciasdoestado.direito.ufmg.br\/wp-content\/uploads\/2021\/09\/COMETTA-Plano-ERE-2021-2.pdf\">DIR098\u00a0<\/a><a href=\"https:\/\/cienciasdoestado.direito.ufmg.br\/wp-content\/uploads\/2021\/09\/COMETTA-Plano-ERE-2021-2.pdf\">-T\u00f3picos em Estudos Estrat\u00e9gicos: La ontolog\u00eda del Web y sus efectos pol\u00edticos<\/a><\/td>\n<\/tr>\n<\/tbody>\n<\/table>\n<table style=\"height: 151px; width: 101.333%; border-collapse: collapse;\">\n<tbody>\n<tr style=\"height: 24px;\">\n<td style=\"width: 100%; height: 24px;\"><strong>\u00a02022 \/ 2<\/strong><\/td>\n<\/tr>\n<tr style=\"height: 24px;\">\n<td style=\"width: 100%; height: 24px;\"><a href=\"https:\/\/cienciasdoestado.direito.ufmg.br\/wp-content\/uploads\/2022\/07\/DIR-098-Coalizo\u0303es-Parlamentares-na-Europa.pdf\"><span class=\"TextRun SCXW173460466 BCX0\" lang=\"PT-BR\" xml:lang=\"PT-BR\" data-contrast=\"none\"><span class=\"NormalTextRun SCXW173460466 BCX0\" data-ccp-parastyle=\"heading 1\">DIR098 -T\u00f3picos em Estudos Estrat\u00e9gicos: <\/span><span class=\"NormalTextRun SCXW173460466 BCX0\" data-ccp-parastyle=\"heading 1\">Coaliz\u00f5es Parlamentares na Uni\u00e3o Europeia<\/span><\/span><span class=\"EOP SCXW173460466 BCX0\" data-ccp-props=\"{&quot;201341983&quot;:0,&quot;335559685&quot;:0,&quot;335559738&quot;:460,&quot;335559739&quot;:120,&quot;335559740&quot;:259}\">\u00a0<\/span><\/a><\/td>\n<\/tr>\n<tr style=\"height: 24px;\">\n<td style=\"width: 100%; height: 24px;\"><a href=\"https:\/\/cienciasdoestado.direito.ufmg.br\/wp-content\/uploads\/2022\/07\/DIR-098-Memo\u0301rias-Po\u0301stumas-do-Neoliberalismo.pdf\"><span class=\"TextRun SCXW169245903 BCX0\" lang=\"PT-BR\" xml:lang=\"PT-BR\" data-contrast=\"none\"><span class=\"NormalTextRun SCXW169245903 BCX0\" data-ccp-parastyle=\"heading 1\">DIR098- T\u00f3picos em Estudos Estrat\u00e9gicos: Mem\u00f3rias p\u00f3stumas do neoliberalismo<\/span><\/span><\/a><\/td>\n<\/tr>\n<tr style=\"height: 24px;\">\n<td style=\"width: 100%; height: 10px;\">\n<p aria-level=\"1\"><a href=\"https:\/\/cienciasdoestado.direito.ufmg.br\/wp-content\/uploads\/2022\/07\/DIR-098-Reafirmando-a-Independencia.pdf\"><span data-contrast=\"none\">DIR098 &#8211; Reafirmando a Independ\u00eancia; duzentos<\/span><span data-ccp-props=\"{&quot;201341983&quot;:0,&quot;335559685&quot;:0,&quot;335559738&quot;:460,&quot;335559739&quot;:120,&quot;335559740&quot;:259}\">\u00a0<\/span><span data-contrast=\"none\">anos de pensamento pol\u00edtico-estrat\u00e9gico brasileiro.<\/span><span data-ccp-props=\"{&quot;201341983&quot;:0,&quot;335559685&quot;:0,&quot;335559738&quot;:460,&quot;335559739&quot;:120,&quot;335559740&quot;:259}\">\u00a0<\/span><\/a><\/p>\n<\/td>\n<\/tr>\n<tr style=\"height: 38px;\">\n<td style=\"width: 100%; height: 10px;\">\n<p aria-level=\"1\"><a href=\"https:\/\/cienciasdoestado.direito.ufmg.br\/wp-content\/uploads\/2022\/08\/Plano-de-ensino-Topicos-em-redes-sociais-DIP-230.pdf\"><span data-contrast=\"none\"> DIP 230 &#8211; T\u00f3picos em Redes Sociais\u00a0<\/span><\/a><\/p>\n<\/td>\n<\/tr>\n<tr style=\"height: 81px;\">\n<td style=\"width: 100%; height: 59px;\">\n<p aria-level=\"1\"><span data-contrast=\"none\"><a href=\"https:\/\/cienciasdoestado.direito.ufmg.br\/wp-content\/uploads\/2023\/06\/DIP-226-topicos.pdf\" target=\"_blank\" rel=\"noopener\">DIP226-T\u00f3picos em Hist\u00f3ria Pol\u00edtica e Constitucional do Brasil: Democracia, Crise e Estado Constitucional<\/a><\/span><\/p>\n<\/td>\n<\/tr>\n<\/tbody>\n<\/table>\n<table style=\"border-collapse: collapse; width: 100%;\">\n<tbody>\n<tr>\n<td style=\"width: 100%;\"><strong>2023\/1<\/strong><\/td>\n<\/tr>\n<tr>\n<td style=\"width: 100%;\"><a href=\"https:\/\/cienciasdoestado.direito.ufmg.br\/wp-content\/uploads\/2023\/06\/Contra-a-Ordem-Globalista-Introducao-a-Quarta-Teoria-Politica.pdf\" target=\"_blank\" rel=\"noopener\">DIR098 -T\u00f3picos em Estudos Estrat\u00e9gicos: Contra a Ordem globalista: Introdu\u00e7\u00e3o \u00e0 Quarta Teoria Pol\u00edtica.<\/a><\/td>\n<\/tr>\n<tr>\n<td style=\"width: 100%;\"><a href=\"https:\/\/cienciasdoestado.direito.ufmg.br\/wp-content\/uploads\/2023\/06\/Dignidade-da-Pessoa-Humana-em-tempos-do-avesso.pdf\" target=\"_blank\" rel=\"noopener\">DIR098- <span class=\"fontstyle0\">T\u00f3picos em Estudos Estrat\u00e9gicos:Dignidade da Pessoa Humana em tempos do Avesso<\/span><br \/>\n<\/a><\/td>\n<\/tr>\n<tr>\n<td style=\"width: 100%;\"><a href=\"https:\/\/cienciasdoestado.direito.ufmg.br\/wp-content\/uploads\/2023\/06\/Dinamicas-Eleitorais.pdf\" target=\"_blank\" rel=\"noopener\">DIR098-T\u00f3picos em Estudos Estrat\u00e9gicos: Din\u00e2micas Eleitorais Comparadas na Uni\u00e3o Europeia e America Latina<\/a><\/td>\n<\/tr>\n<tr>\n<td style=\"width: 100%;\"><a href=\"https:\/\/cienciasdoestado.direito.ufmg.br\/wp-content\/uploads\/2023\/06\/Selvagens-utopias-brasileiras.pdf\" target=\"_blank\" rel=\"noopener\"><strong>DIR098-T\u00f3picos em Estudos Estrat\u00e9gicos: Selvagens utopias brasileiras: o centen\u00e1rio de Darcy Ribeiro<\/strong><\/a><\/td>\n<\/tr>\n<tr>\n<td style=\"width: 100%;\"><a href=\"https:\/\/cienciasdoestado.direito.ufmg.br\/wp-content\/uploads\/2023\/06\/Plano-de-ensino-Topicos-em-redes-sociais-DIP-230.pdf\" target=\"_blank\" rel=\"noopener\">DIP230- T\u00f3picos em Redes Sociais: Administra\u00e7\u00e3o P\u00fablica Cosensual<\/a><\/td>\n<\/tr>\n<tr>\n<td style=\"width: 100%;\"><a href=\"https:\/\/cienciasdoestado.direito.ufmg.br\/wp-content\/uploads\/2023\/06\/DIP-226-topicos.pdf\" target=\"_blank\" rel=\"noopener\">DIP226-T\u00f3picos em Hist\u00f3ria Pol\u00edtica e Constitucional do Brasil: Democracia, Crise e Estado Constitucional<\/a><\/td>\n<\/tr>\n<\/tbody>\n<\/table>\n","protected":false},"excerpt":{"rendered":"<p>2016\/1 T\u00d3PICOS EM DIREITO E OR\u00c7AMENTO P\u00daBLICO: Liberalismo e Economia T\u00d3PICOS EM DIREITO E OR\u00c7AMENTO P\u00daBLICO:PEC 241: Um olhar sobre as Finan\u00e7as P\u00fablicas 2021\/1 DIP225-T\u00f3picos em Filosofia do Direito C:&hellip;<\/p>\n","protected":false},"author":2,"featured_media":0,"parent":0,"menu_order":0,"comment_status":"closed","ping_status":"closed","template":"","meta":{"footnotes":""},"class_list":["post-2007","page","type-page","status-publish","hentry"],"publishpress_future_action":{"enabled":false,"date":"2026-05-09 08:14:32","action":"change-status","newStatus":"draft","terms":[],"taxonomy":"","extraData":[]},"publishpress_future_workflow_manual_trigger":{"enabledWorkflows":[]},"_links":{"self":[{"href":"https:\/\/cienciasdoestado.direito.ufmg.br\/index.php?rest_route=\/wp\/v2\/pages\/2007","targetHints":{"allow":["GET"]}}],"collection":[{"href":"https:\/\/cienciasdoestado.direito.ufmg.br\/index.php?rest_route=\/wp\/v2\/pages"}],"about":[{"href":"https:\/\/cienciasdoestado.direito.ufmg.br\/index.php?rest_route=\/wp\/v2\/types\/page"}],"author":[{"embeddable":true,"href":"https:\/\/cienciasdoestado.direito.ufmg.br\/index.php?rest_route=\/wp\/v2\/users\/2"}],"replies":[{"embeddable":true,"href":"https:\/\/cienciasdoestado.direito.ufmg.br\/index.php?rest_route=%2Fwp%2Fv2%2Fcomments&post=2007"}],"version-history":[{"count":6,"href":"https:\/\/cienciasdoestado.direito.ufmg.br\/index.php?rest_route=\/wp\/v2\/pages\/2007\/revisions"}],"predecessor-version":[{"id":2966,"href":"https:\/\/cienciasdoestado.direito.ufmg.br\/index.php?rest_route=\/wp\/v2\/pages\/2007\/revisions\/2966"}],"wp:attachment":[{"href":"https:\/\/cienciasdoestado.direito.ufmg.br\/index.php?rest_route=%2Fwp%2Fv2%2Fmedia&parent=2007"}],"curies":[{"name":"wp","href":"https:\/\/api.w.org\/{rel}","templated":true}]}}